{"id":1031,"date":"2024-08-24T18:23:02","date_gmt":"2024-08-24T16:23:02","guid":{"rendered":"https:\/\/www.lokornmad.bzh\/?post_type=product&#038;p=1031"},"modified":"2026-04-23T10:34:45","modified_gmt":"2026-04-23T08:34:45","slug":"tisane-automne","status":"publish","type":"product","link":"https:\/\/www.lokornmad.bzh\/en\/boutique\/boissons\/thes-et-tisanes\/tisane-automne\/","title":{"rendered":"Autumn Herbal Tea"},"content":{"rendered":"<p><span>Eucalyptus<\/span><em><span>\u00a0<\/span>(Eucalyptus globulus),<span>\u00a0<\/span><\/em><span>Fennel\u00a0<\/span><em>(Foeniculum vulgare),<span>\u00a0<\/span><\/em><span>Chamomile matricaria<\/span><em><span>\u00a0<\/span>(Chamomilla recutita),<span>\u00a0<\/span><\/em><span>Hyssop<\/span><em><span>\u00a0<\/span>(Hyssopus officinalis),<span>\u00a0<\/span><\/em><span>Peppermint\u00a0<\/span><em>(Mentha piperita),<span>\u00a0<\/span><\/em><span>Purple<\/span><em><span>\u00a0<\/span>(Malva mauritania)<\/em><\/p>\n<div class=\"\" data-mesh-id=\"comp-l6c7msok5inlineContent\" data-testid=\"inline-content\">\n<div data-mesh-id=\"comp-l6c7msok5inlineContent-gridContainer\" data-testid=\"mesh-container-content\">\n<div id=\"comp-l6c7msol1\" class=\"HcOXKn c9GqVL QxJLC3 comp-l6c7msol1 wixui-rich-text\" data-testid=\"richTextElement\">\n<h1 class=\"font_0 wixui-rich-text__text\"><span class=\"wixui-rich-text__text\" style=\"font-size: 21px\">Autumn<\/span><\/h1>\n<\/div>\n<div id=\"comp-l6c7msom\" class=\"HcOXKn c9GqVL QxJLC3 comp-l6c7msom wixui-rich-text\" data-testid=\"richTextElement\">\n<p class=\"font_8 wixui-rich-text__text\"><span class=\"wixui-rich-text__text\">Lungs and Large Intestine Season<\/span><\/p>\n<p class=\"font_7 wixui-rich-text__text\">Autumn is a time for nature to lose water, for organic substances to disappear from leaves and fruit. The sap begins to descend, and nature prepares to face the rigours of winter. This is the season of the metal element, a time of decline.<\/p>\n<p class=\"font_7 wixui-rich-text__text\">Autumn is a time for contemplation, for going inward, for maintaining clarity of mind, integrity and rigour. The time has come to get organised, make decisions and get things done. It's also a time for communication.<\/p>\n<p class=\"font_7 wixui-rich-text__text\">The organs with the most energy are the lungs and the large intestine. Like the spleen, the lungs are the source of acquired Qi, redistributing the energy acquired from food, water and air. It also influences the metabolism of fluids and breath. The lungs control the health of the skin, and climate and dryness are important for the skin. And to ensure that the skin is always better hydrated, it's best to breathe through the nose, which is more hydrating and less drying than breathing through the mouth.<\/p>\n<\/div>\n<\/div>\n<\/div>","protected":false},"excerpt":{"rendered":"<p>The energy is diminishing and nature is quietly catching its breath.<\/p>\n<p>These plants will act on your respiratory system and its purification function via the large intestine.<\/p>","protected":false},"featured_media":1032,"comment_status":"closed","ping_status":"closed","template":"","meta":{"_acf_changed":false},"product_cat":[30,44],"product_tag":[],"berocket_brand":[285],"class_list":{"0":"post-1031","1":"product","2":"type-product","3":"status-publish","4":"has-post-thumbnail","6":"product_cat-boissons","7":"product_cat-thes-et-tisanes","8":"berocket_brand-larbotiker","10":"first","11":"instock","12":"taxable","13":"shipping-taxable","14":"purchasable","15":"product-type-simple"},"acf":[],"yoast_head":"<!-- This site is optimized with the Yoast SEO plugin v27.1.1 - https:\/\/yoast.com\/product\/yoast-seo-wordpress\/ -->\n<title>Tisane Automne - Lokorn Mad<\/title>\n<meta name=\"description\" content=\"L&#039;\u00e9nergie diminue, la nature reprends tranquillement son souffle.Ces plantes agiront sur votre syst\u00e8me respiratoire et sa fonction d&#039;\u00e9puration via le gros intestin\" \/>\n<meta name=\"robots\" content=\"index, follow, max-snippet:-1, max-image-preview:large, max-video-preview:-1\" \/>\n<link rel=\"canonical\" href=\"https:\/\/www.lokornmad.bzh\/en\/boutique\/boissons\/thes-et-tisanes\/tisane-automne\/\" \/>\n<meta property=\"og:locale\" content=\"en_GB\" \/>\n<meta property=\"og:type\" content=\"article\" \/>\n<meta property=\"og:title\" content=\"Tisane d&#039;automne\" \/>\n<meta property=\"og:description\" content=\"Durant l\u2019automne, l\u2019\u00e9nergie reprend tranquillement son souffle avant de se reposer profond\u00e9ment durant l\u2019hiver. Nous vous proposons ici un m\u00e9lange de plantes respiratoires et digestives.\" \/>\n<meta property=\"og:url\" content=\"https:\/\/www.lokornmad.bzh\/en\/boutique\/boissons\/thes-et-tisanes\/tisane-automne\/\" \/>\n<meta property=\"og:site_name\" content=\"Lokorn Mad\" \/>\n<meta property=\"article:publisher\" content=\"https:\/\/www.facebook.com\/lokornmad\" \/>\n<meta property=\"article:modified_time\" content=\"2026-04-23T08:34:45+00:00\" \/>\n<meta property=\"og:image\" content=\"https:\/\/www.lokornmad.bzh\/wp-content\/uploads\/2024\/08\/IMG_1364-scaled.jpg\" \/>\n\t<meta property=\"og:image:width\" content=\"1536\" \/>\n\t<meta property=\"og:image:height\" content=\"2048\" \/>\n\t<meta property=\"og:image:type\" content=\"image\/jpeg\" \/>\n<meta name=\"twitter:card\" content=\"summary_large_image\" \/>\n<meta name=\"twitter:label1\" content=\"Estimated reading time\" \/>\n\t<meta name=\"twitter:data1\" content=\"2 minutes\" \/>\n<script type=\"application\/ld+json\" class=\"yoast-schema-graph\">{\"@context\":\"https:\/\/schema.org\",\"@graph\":[{\"@type\":\"WebPage\",\"@id\":\"https:\/\/www.lokornmad.bzh\/boutique\/boissons\/thes-et-tisanes\/tisane-automne\/\",\"url\":\"https:\/\/www.lokornmad.bzh\/boutique\/boissons\/thes-et-tisanes\/tisane-automne\/\",\"name\":\"Tisane Automne - Lokorn Mad\",\"isPartOf\":{\"@id\":\"https:\/\/www.lokornmad.bzh\/#website\"},\"primaryImageOfPage\":{\"@id\":\"https:\/\/www.lokornmad.bzh\/boutique\/boissons\/thes-et-tisanes\/tisane-automne\/#primaryimage\"},\"image\":{\"@id\":\"https:\/\/www.lokornmad.bzh\/boutique\/boissons\/thes-et-tisanes\/tisane-automne\/#primaryimage\"},\"thumbnailUrl\":\"https:\/\/www.lokornmad.bzh\/wp-content\/uploads\/2024\/08\/IMG_1364-scaled.jpg\",\"datePublished\":\"2024-08-24T16:23:02+00:00\",\"dateModified\":\"2026-04-23T08:34:45+00:00\",\"description\":\"L'\u00e9nergie diminue, la nature reprends tranquillement son souffle.Ces plantes agiront sur votre syst\u00e8me respiratoire et sa fonction d'\u00e9puration via le gros intestin\",\"breadcrumb\":{\"@id\":\"https:\/\/www.lokornmad.bzh\/boutique\/boissons\/thes-et-tisanes\/tisane-automne\/#breadcrumb\"},\"inLanguage\":\"en-GB\",\"potentialAction\":[{\"@type\":\"ReadAction\",\"target\":[\"https:\/\/www.lokornmad.bzh\/boutique\/boissons\/thes-et-tisanes\/tisane-automne\/\"]}]},{\"@type\":\"ImageObject\",\"inLanguage\":\"en-GB\",\"@id\":\"https:\/\/www.lokornmad.bzh\/boutique\/boissons\/thes-et-tisanes\/tisane-automne\/#primaryimage\",\"url\":\"https:\/\/www.lokornmad.bzh\/wp-content\/uploads\/2024\/08\/IMG_1364-scaled.jpg\",\"contentUrl\":\"https:\/\/www.lokornmad.bzh\/wp-content\/uploads\/2024\/08\/IMG_1364-scaled.jpg\",\"width\":1536,\"height\":2048},{\"@type\":\"BreadcrumbList\",\"@id\":\"https:\/\/www.lokornmad.bzh\/boutique\/boissons\/thes-et-tisanes\/tisane-automne\/#breadcrumb\",\"itemListElement\":[{\"@type\":\"ListItem\",\"position\":1,\"name\":\"Accueil\",\"item\":\"https:\/\/www.lokornmad.bzh\/\"},{\"@type\":\"ListItem\",\"position\":2,\"name\":\"Boutique\",\"item\":\"https:\/\/www.lokornmad.bzh\/boutique\/\"},{\"@type\":\"ListItem\",\"position\":3,\"name\":\"Tisane Automne\"}]},{\"@type\":\"WebSite\",\"@id\":\"https:\/\/www.lokornmad.bzh\/#website\",\"url\":\"https:\/\/www.lokornmad.bzh\/\",\"name\":\"Lokorn Mad\",\"description\":\"Comptoir des Producteurs du Finist\u00e8re\",\"publisher\":{\"@id\":\"https:\/\/www.lokornmad.bzh\/#organization\"},\"potentialAction\":[{\"@type\":\"SearchAction\",\"target\":{\"@type\":\"EntryPoint\",\"urlTemplate\":\"https:\/\/www.lokornmad.bzh\/?s={search_term_string}\"},\"query-input\":{\"@type\":\"PropertyValueSpecification\",\"valueRequired\":true,\"valueName\":\"search_term_string\"}}],\"inLanguage\":\"en-GB\"},{\"@type\":\"Organization\",\"@id\":\"https:\/\/www.lokornmad.bzh\/#organization\",\"name\":\"Lokorn Mad\",\"url\":\"https:\/\/www.lokornmad.bzh\/\",\"logo\":{\"@type\":\"ImageObject\",\"inLanguage\":\"en-GB\",\"@id\":\"https:\/\/www.lokornmad.bzh\/#\/schema\/logo\/image\/\",\"url\":\"https:\/\/www.lokornmad.bzh\/wp-content\/uploads\/2021\/10\/bandeau-LokornMad.png\",\"contentUrl\":\"https:\/\/www.lokornmad.bzh\/wp-content\/uploads\/2021\/10\/bandeau-LokornMad.png\",\"width\":824,\"height\":228,\"caption\":\"Lokorn Mad\"},\"image\":{\"@id\":\"https:\/\/www.lokornmad.bzh\/#\/schema\/logo\/image\/\"},\"sameAs\":[\"https:\/\/www.facebook.com\/lokornmad\",\"https:\/\/www.instagram.com\/lokornmad\/\"]}]}<\/script>\n<!-- \/ Yoast SEO plugin. -->","yoast_head_json":{"title":"Tisane Automne - Lokorn Mad","description":"L'\u00e9nergie diminue, la nature reprends tranquillement son souffle.Ces plantes agiront sur votre syst\u00e8me respiratoire et sa fonction d'\u00e9puration via le gros intestin","robots":{"index":"index","follow":"follow","max-snippet":"max-snippet:-1","max-image-preview":"max-image-preview:large","max-video-preview":"max-video-preview:-1"},"canonical":"https:\/\/www.lokornmad.bzh\/en\/boutique\/boissons\/thes-et-tisanes\/tisane-automne\/","og_locale":"en_GB","og_type":"article","og_title":"Tisane d'automne","og_description":"Durant l\u2019automne, l\u2019\u00e9nergie reprend tranquillement son souffle avant de se reposer profond\u00e9ment durant l\u2019hiver. Nous vous proposons ici un m\u00e9lange de plantes respiratoires et digestives.","og_url":"https:\/\/www.lokornmad.bzh\/en\/boutique\/boissons\/thes-et-tisanes\/tisane-automne\/","og_site_name":"Lokorn Mad","article_publisher":"https:\/\/www.facebook.com\/lokornmad","article_modified_time":"2026-04-23T08:34:45+00:00","og_image":[{"width":1536,"height":2048,"url":"https:\/\/www.lokornmad.bzh\/wp-content\/uploads\/2024\/08\/IMG_1364-scaled.jpg","type":"image\/jpeg"}],"twitter_card":"summary_large_image","twitter_misc":{"Estimated reading time":"2 minutes"},"schema":{"@context":"https:\/\/schema.org","@graph":[{"@type":"WebPage","@id":"https:\/\/www.lokornmad.bzh\/boutique\/boissons\/thes-et-tisanes\/tisane-automne\/","url":"https:\/\/www.lokornmad.bzh\/boutique\/boissons\/thes-et-tisanes\/tisane-automne\/","name":"Tisane Automne - Lokorn Mad","isPartOf":{"@id":"https:\/\/www.lokornmad.bzh\/#website"},"primaryImageOfPage":{"@id":"https:\/\/www.lokornmad.bzh\/boutique\/boissons\/thes-et-tisanes\/tisane-automne\/#primaryimage"},"image":{"@id":"https:\/\/www.lokornmad.bzh\/boutique\/boissons\/thes-et-tisanes\/tisane-automne\/#primaryimage"},"thumbnailUrl":"https:\/\/www.lokornmad.bzh\/wp-content\/uploads\/2024\/08\/IMG_1364-scaled.jpg","datePublished":"2024-08-24T16:23:02+00:00","dateModified":"2026-04-23T08:34:45+00:00","description":"L'\u00e9nergie diminue, la nature reprends tranquillement son souffle.Ces plantes agiront sur votre syst\u00e8me respiratoire et sa fonction d'\u00e9puration via le gros intestin","breadcrumb":{"@id":"https:\/\/www.lokornmad.bzh\/boutique\/boissons\/thes-et-tisanes\/tisane-automne\/#breadcrumb"},"inLanguage":"en-GB","potentialAction":[{"@type":"ReadAction","target":["https:\/\/www.lokornmad.bzh\/boutique\/boissons\/thes-et-tisanes\/tisane-automne\/"]}]},{"@type":"ImageObject","inLanguage":"en-GB","@id":"https:\/\/www.lokornmad.bzh\/boutique\/boissons\/thes-et-tisanes\/tisane-automne\/#primaryimage","url":"https:\/\/www.lokornmad.bzh\/wp-content\/uploads\/2024\/08\/IMG_1364-scaled.jpg","contentUrl":"https:\/\/www.lokornmad.bzh\/wp-content\/uploads\/2024\/08\/IMG_1364-scaled.jpg","width":1536,"height":2048},{"@type":"BreadcrumbList","@id":"https:\/\/www.lokornmad.bzh\/boutique\/boissons\/thes-et-tisanes\/tisane-automne\/#breadcrumb","itemListElement":[{"@type":"ListItem","position":1,"name":"Accueil","item":"https:\/\/www.lokornmad.bzh\/"},{"@type":"ListItem","position":2,"name":"Boutique","item":"https:\/\/www.lokornmad.bzh\/boutique\/"},{"@type":"ListItem","position":3,"name":"Tisane Automne"}]},{"@type":"WebSite","@id":"https:\/\/www.lokornmad.bzh\/#website","url":"https:\/\/www.lokornmad.bzh\/","name":"Lokorn Mad","description":"Comptoir des Producteurs du Finist\u00e8re","publisher":{"@id":"https:\/\/www.lokornmad.bzh\/#organization"},"potentialAction":[{"@type":"SearchAction","target":{"@type":"EntryPoint","urlTemplate":"https:\/\/www.lokornmad.bzh\/?s={search_term_string}"},"query-input":{"@type":"PropertyValueSpecification","valueRequired":true,"valueName":"search_term_string"}}],"inLanguage":"en-GB"},{"@type":"Organization","@id":"https:\/\/www.lokornmad.bzh\/#organization","name":"Lokorn Mad","url":"https:\/\/www.lokornmad.bzh\/","logo":{"@type":"ImageObject","inLanguage":"en-GB","@id":"https:\/\/www.lokornmad.bzh\/#\/schema\/logo\/image\/","url":"https:\/\/www.lokornmad.bzh\/wp-content\/uploads\/2021\/10\/bandeau-LokornMad.png","contentUrl":"https:\/\/www.lokornmad.bzh\/wp-content\/uploads\/2021\/10\/bandeau-LokornMad.png","width":824,"height":228,"caption":"Lokorn Mad"},"image":{"@id":"https:\/\/www.lokornmad.bzh\/#\/schema\/logo\/image\/"},"sameAs":["https:\/\/www.facebook.com\/lokornmad","https:\/\/www.instagram.com\/lokornmad\/"]}]}},"_links":{"self":[{"href":"https:\/\/www.lokornmad.bzh\/en\/wp-json\/wp\/v2\/product\/1031","targetHints":{"allow":["GET"]}}],"collection":[{"href":"https:\/\/www.lokornmad.bzh\/en\/wp-json\/wp\/v2\/product"}],"about":[{"href":"https:\/\/www.lokornmad.bzh\/en\/wp-json\/wp\/v2\/types\/product"}],"replies":[{"embeddable":true,"href":"https:\/\/www.lokornmad.bzh\/en\/wp-json\/wp\/v2\/comments?post=1031"}],"wp:featuredmedia":[{"embeddable":true,"href":"https:\/\/www.lokornmad.bzh\/en\/wp-json\/wp\/v2\/media\/1032"}],"wp:attachment":[{"href":"https:\/\/www.lokornmad.bzh\/en\/wp-json\/wp\/v2\/media?parent=1031"}],"wp:term":[{"taxonomy":"product_cat","embeddable":true,"href":"https:\/\/www.lokornmad.bzh\/en\/wp-json\/wp\/v2\/product_cat?post=1031"},{"taxonomy":"product_tag","embeddable":true,"href":"https:\/\/www.lokornmad.bzh\/en\/wp-json\/wp\/v2\/product_tag?post=1031"},{"taxonomy":"berocket_brand","embeddable":true,"href":"https:\/\/www.lokornmad.bzh\/en\/wp-json\/wp\/v2\/berocket_brand?post=1031"}],"curies":[{"name":"wp","href":"https:\/\/api.w.org\/{rel}","templated":true}]}}